{"id":51,"date":"2016-08-21T12:32:17","date_gmt":"2016-08-21T10:32:17","guid":{"rendered":"http:\/\/preussisch-stroehen.de\/wp\/?page_id=51"},"modified":"2021-04-18T13:10:47","modified_gmt":"2021-04-18T13:10:47","slug":"ansprechpartner","status":"publish","type":"page","link":"https:\/\/preussisch-stroehen.de\/web\/ansprechpartner\/","title":{"rendered":"Ansprechpartner"},"content":{"rendered":"<p><strong>Ortsvorsteherin<\/strong><br \/>\nBianca Winkelmann<br \/>\nZum alten Rennplatz 4<br \/>\n32369 Rahden<br \/>\n05776\/433<\/p>\n<hr \/>\n<p><strong>Ortsheimatpfleger<\/strong><br \/>\nFriedrich Sander<br \/>\nAm Speukebusch 1<br \/>\n32369 Rahden<br \/>\n05776\/633<\/p>\n<hr \/>\n<p><strong>Kirchengemeinde Preu\u00dfisch Str\u00f6hen<\/strong><br \/>\nPfr. Roland Mettenbrink<br \/>\nPreu\u00dfisch Str\u00f6her Allee 20<br \/>\n32369 Rahden<br \/>\n05776\/463<br \/>\n<a href=\"mailto:kirchengemeinde_pr.stroehen@t-online.de\">kirchengemeinde_pr.stroehen@t-online.de<\/a><\/p>\n<hr \/>\n<p><strong>Ev. Grundschule Preu\u00dfisch Str\u00f6hen<\/strong><br \/>\nSchulleiterin Bettina Wehebrink<br \/>\nPreu\u00dfisch Str\u00f6her Allee 19<br \/>\n32369 Rahde<br \/>\n05776\/218<br \/>\n<a href=\"mailto:evgsprstr@t-online.de\">evgsprstr@t-online.de<\/a><br \/>\n<a href=\"http:\/\/www.evgsprstroehen.de\/\">http:\/\/www.evgsprstroehen.de\/<\/a><\/p>\n<hr \/>\n<p><strong>Ev. Kindergarten Preu\u00dfisch Str\u00f6hen<\/strong><br \/>\nLeiterin Kadia Oedekoven<br \/>\nPreu\u00dfisch Str\u00f6her Allee 22<br \/>\n32369 Rahden<br \/>\n05776-626<br \/>\n<a href=\"mailto:kiga.prstroehen@kirchenkreis-luebbecke.de\">kiga.prstroehen@kirchenkreis-luebbecke.de<\/a><br \/>\n<a href=\"http:\/\/www.kindergarten-prstroehen.de\/\">http:\/\/www.kindergarten-prstroehen.de\/<\/a><\/p>\n<hr \/>\n<p><strong>Freiwillige Feuerwehr Preu\u00dfisch Str\u00f6hen<\/strong><br \/>\nIngo Buschendorf<br \/>\nUnter den Eichen 2<br \/>\n32369 Rahden<br \/>\n0170\/1649577<br \/>\n<a href=\"https:\/\/www.facebook.com\/Info-FFW-PrStr%C3%B6hen-247841978725942\/\">Facebook-Seite<\/a><\/p>\n<hr \/>\n<p>Ansprechpartner der Preu\u00dfisch Str\u00f6her <a href=\"http:\/\/preussisch-stroehen.de\/wp\/vereine-und-gruppen\/\">Vereine und Gruppen findet ihr hier<\/a>.<\/p>\n","protected":false},"excerpt":{"rendered":"<p>Ortsvorsteherin Bianca Winkelmann Zum alten Rennplatz 4 32369 Rahden 05776\/433 Ortsheimatpfleger Friedrich Sander Am Speukebusch 1 32369 Rahden 05776\/633 Kirchengemeinde Preu\u00dfisch Str\u00f6hen Pfr. Roland Mettenbrink Preu\u00dfisch Str\u00f6her Allee 20 32369 Rahden 05776\/463 kirchengemeinde_pr.stroehen@t-online.de Ev. Grundschule Preu\u00dfisch Str\u00f6hen Schulleiterin Bettina Wehebrink Preu\u00dfisch Str\u00f6her Allee 19 32369 Rahde 05776\/218 evgsprstr@t-online.de http:\/\/www.evgsprstroehen.de\/ Ev. Kindergarten Preu\u00dfisch Str\u00f6hen Leiterin Kadia [&hellip;]<\/p>\n","protected":false},"author":1,"featured_media":0,"parent":0,"menu_order":0,"comment_status":"closed","ping_status":"closed","template":"","meta":{"footnotes":""},"class_list":["post-51","page","type-page","status-publish","hentry","post-preview"],"jetpack_sharing_enabled":true,"_links":{"self":[{"href":"https:\/\/preussisch-stroehen.de\/web\/wp-json\/wp\/v2\/pages\/51","targetHints":{"allow":["GET"]}}],"collection":[{"href":"https:\/\/preussisch-stroehen.de\/web\/wp-json\/wp\/v2\/pages"}],"about":[{"href":"https:\/\/preussisch-stroehen.de\/web\/wp-json\/wp\/v2\/types\/page"}],"author":[{"embeddable":true,"href":"https:\/\/preussisch-stroehen.de\/web\/wp-json\/wp\/v2\/users\/1"}],"replies":[{"embeddable":true,"href":"https:\/\/preussisch-stroehen.de\/web\/wp-json\/wp\/v2\/comments?post=51"}],"version-history":[{"count":9,"href":"https:\/\/preussisch-stroehen.de\/web\/wp-json\/wp\/v2\/pages\/51\/revisions"}],"predecessor-version":[{"id":6194,"href":"https:\/\/preussisch-stroehen.de\/web\/wp-json\/wp\/v2\/pages\/51\/revisions\/6194"}],"wp:attachment":[{"href":"https:\/\/preussisch-stroehen.de\/web\/wp-json\/wp\/v2\/media?parent=51"}],"curies":[{"name":"wp","href":"https:\/\/api.w.org\/{rel}","templated":true}]}}